{"id":27,"date":"2023-09-15T19:11:25","date_gmt":"2023-09-15T17:11:25","guid":{"rendered":"https:\/\/agnieszkapikula.pl\/?page_id=27"},"modified":"2026-08-19T08:11:23","modified_gmt":"2026-08-19T06:11:23","slug":"strona-glowna","status":"publish","type":"page","link":"https:\/\/agnieszkapikula.pl\/","title":{"rendered":"O mnie"},"content":{"rendered":"\t\t<div data-elementor-type=\"wp-page\" data-elementor-id=\"27\" class=\"elementor elementor-27\">\n\t\t\t\t<div class=\"elementor-element elementor-element-3faaa37e e-flex e-con-boxed e-con e-parent\" data-id=\"3faaa37e\" data-element_type=\"container\">\n\t\t\t\t\t<div class=\"e-con-inner\">\n\t\t\t\t<div class=\"elementor-element elementor-element-63d250ed animated-slow elementor-invisible elementor-widget elementor-widget-text-editor\" data-id=\"63d250ed\" data-element_type=\"widget\" data-settings=\"{&quot;_animation&quot;:&quot;fadeInUp&quot;}\" data-widget_type=\"text-editor.default\">\n\t\t\t\t<div class=\"elementor-widget-container\">\n\t\t\t\t\t\t\t\t\t<figure class=\"wp-block-image alignfull\"><img fetchpriority=\"high\" decoding=\"async\" width=\"1200\" height=\"522\" class=\"wp-image-15\" src=\"http:\/\/agnieszkapikula.pl\/wp-content\/uploads\/2023\/09\/head_pic.jpg\" alt=\"\" srcset=\"https:\/\/agnieszkapikula.pl\/wp-content\/uploads\/2023\/09\/head_pic.jpg 1200w, https:\/\/agnieszkapikula.pl\/wp-content\/uploads\/2023\/09\/head_pic-300x131.jpg 300w, https:\/\/agnieszkapikula.pl\/wp-content\/uploads\/2023\/09\/head_pic-1024x445.jpg 1024w, https:\/\/agnieszkapikula.pl\/wp-content\/uploads\/2023\/09\/head_pic-768x334.jpg 768w\" sizes=\"(max-width: 1200px) 100vw, 1200px\" \/><\/figure>\n<p><!-- \/wp:image --><!-- wp:paragraph --><\/p>\n<p>Agnieszka Piku\u0142a \u2013 jobcoach, doradca zawodowy, trener, szcz\u0119\u015bliwa \u017cona i mama. Przede wszystkim kocham prac\u0119 z drugim cz\u0142owiekiem. To si\u0142a, kt\u00f3ra od kilkunastu lat nap\u0119dza mnie do dzia\u0142ania i maluje u\u015bmiech na mojej twarzy.<\/p>\n<p><!-- \/wp:paragraph --><!-- wp:paragraph --><\/p>\n<p>Jestem absolwentk\u0105 doradztwa zawodowego w Akademii Pedagogiki Specjalnej im. Marii Grzegorzewskiej (modu\u0142 reagowanie w sytuacjach kryzysowych) oraz studi\u00f3w podyplomowych: Doradztwo zawodowe i zarz\u0105dzanie kompetencjami w SGH Uko\u0144czy\u0142am akredytowany kurs Coachingu ICF z egzaminacj\u0105 VCC oraz Akademi\u0119 Profesjonalnego Rekrutera i specjalisty Employer Brandingu GoldenLine. Posiadam licencj\u0119 trenera programu z zakresu planowania kariery oraz poszukiwania pracy \u2013 \u201eSpadochron\u201d. W latach 2010-2018 aktywnie dzia\u0142a\u0142am jako cz\u0142onek Stowarzyszenia na rzecz ABK. W ostatnich latach pog\u0142\u0119biam wiedz\u0119 z bran\u017cy HR, uko\u0144czy\u0142am kurs HR Dyrektor oraz HR Bussines Partner. Od 2010 do lutego 2013 r. pe\u0142ni\u0142am funkcj\u0119 specjalisty ds. doradztwa zawodowego w Wy\u017cszej Szkole Zarz\u0105dzania i Prawa im. Heleny Chodkowskiej. Od 2013 r. kieruj\u0119, z przerwami na macierzy\u0144stwo, Centrum Karier Collegium Civitas. Od kilkunastu lat wspieram firmy i organizacje (ponad 250) w doborze odpowiednich kandydat\u00f3w do pracy, na praktyki i sta\u017ce. Pomagam pracodawcom w realizacji projekt\u00f3w employer brandingowych na uczelniach. Jestem autork\u0105 licznych projekt\u00f3w z zakresu aktywizacji zawodowej oraz projekt\u00f3w rozwojowych: Randka z pracodawc\u0105, Akademia Sukcesu Collegium Civitas. Posiadam do\u015bwiadczenie w koordynacji program\u00f3w sta\u017cowych krajowych i zagranicznych we wsp\u00f3\u0142pracy z ponad 30 pracodawcami, projekt ze \u015brodk\u00f3w EFS: From studies to practice. Wsp\u00f3\u0142pracuj\u0119 z pracodawcami przy procesach rekrutacji i badaniach kompetencji cz\u0142onk\u00f3w ich zespo\u0142\u00f3w.<\/p>\n<p><!-- \/wp:paragraph --><!-- wp:paragraph --><\/p>\n<p>Od kilkunastu lat wspieram rozw\u00f3j zawodowy ludzi, z kt\u00f3rymi pracuj\u0119, aby mogli z wi\u0119ksz\u0105 odwag\u0105 podejmowa\u0107 decyzje zawodowe. Uwa\u017cam, \u017ce ka\u017cdy Klient posiada potencja\u0142 do realizacji swoich cel\u00f3w i marze\u0144, rol\u0105 coacha jest pom\u00f3c go wydoby\u0107 i udzieli\u0107 wsparcia w dzia\u0142aniach. Jedn\u0105 z moich specjalizacji jest coaching dla mam powracaj\u0105cych na rynek pracy po urlopie macierzy\u0144skim czy wychowawczym, chc\u0105cych pogodzi\u0107 \u017cycie rodzinne i zawodowe i czu\u0107 spe\u0142nienie w ka\u017cdej z tych dziedzin. Wsp\u00f3lnie ze mn\u0105 zdefiniujesz swoje problemy, zamienisz je w cele, kt\u00f3re dzi\u0119ki swojej pracy konsekwentnie osi\u0105gniesz. A w tym wszystkim b\u0119d\u0119 u Twojego boku. Zatem \u2013 je\u015bli chcesz wprowadzi\u0107 w swoim \u017cyciu zmiany i poprawi\u0107 jego jako\u015b\u0107, serdecznie zapraszam do kontaktu!<\/p>\n<p><!-- \/wp:paragraph --><!-- wp:paragraph {\"align\":\"right\"} --><\/p>\n<p class=\"has-text-align-right\"><em>Agnieszka Piku\u0142a<\/em><\/p>\n<p><!-- \/wp:paragraph --><!-- wp:columns --><\/p>\n<div class=\"wp-block-columns\">\n<p><!-- wp:column --><\/p>\n<div class=\"wp-block-column\">\n<p><!-- wp:image {\"align\":\"center\",\"width\":48,\"height\":48,\"className\":\"icon-style is-style-default\"} --><\/p>\n<figure class=\"wp-block-image aligncenter is-resized icon-style is-style-default\"><span style=\"color: #ea3e7a;\"><img decoding=\"async\" style=\"width: 48px; height: 48px;\" src=\"https:\/\/agnieszkapikula.pl\/wp-content\/themes\/neve\/assets\/img\/starter-content\/icon-03.svg\" alt=\"\" width=\"48\" height=\"48\"><\/span><\/figure>\n<p><!-- \/wp:image --><!-- wp:heading {\"level\":3,\"textColor\":\"neve-text-color\",\"className\":\"has-text-align-center\"} --><\/p>\n<h3 class=\"wp-block-heading has-text-align-center has-neve-text-color-color has-text-color\"><span style=\"background-color: var(--nv-site-bg); font-family: var( --e-global-typography-text-font-family ), Sans-serif; letter-spacing: var(--bodyletterspacing); text-align: var(--text-align); text-transform: var(--bodytexttransform); color: #ea3e7a;\">Indywidualne konsultacje<\/span><\/h3>\n<h3 class=\"wp-block-heading has-text-align-center has-neve-text-color-color has-text-color\"><span style=\"background-color: var(--nv-site-bg); color: var( --e-global-color-text ); font-family: var( --e-global-typography-text-font-family ), Sans-serif; font-size: var(--bodyfontsize); font-weight: var( --e-global-typography-text-font-weight ); letter-spacing: var(--bodyletterspacing); text-align: var(--text-align); text-transform: var(--bodytexttransform);\">Ponad 5000 indywidualnych konsultacji zawodowych i sesji coachingowych.<\/span><\/h3>\n<p><!-- \/wp:spacer --><\/p>\n<\/div>\n<p><!-- \/wp:column --><!-- wp:column --><\/p>\n<div class=\"wp-block-column\">\n<p><!-- wp:image {\"align\":\"center\",\"width\":48,\"height\":48,\"className\":\"icon-style is-style-default\"} --><\/p>\n<figure class=\"wp-block-image aligncenter is-resized icon-style is-style-default\"><img decoding=\"async\" style=\"width: 48px; height: 48px;\" src=\"https:\/\/agnieszkapikula.pl\/wp-content\/themes\/neve\/assets\/img\/starter-content\/icon-02.svg\" alt=\"\" width=\"48\" height=\"48\"><\/figure>\n<p><!-- \/wp:image --><!-- wp:heading {\"level\":3,\"textColor\":\"neve-text-color\",\"className\":\"has-text-align-center\"} --><\/p>\n<h3 class=\"wp-block-heading has-text-align-center has-neve-text-color-color has-text-color\"><span style=\"background-color: var(--nv-site-bg); font-family: var( --e-global-typography-text-font-family ), Sans-serif; letter-spacing: var(--bodyletterspacing); text-align: var(--text-align); text-transform: var(--bodytexttransform); color: #ea3e7a;\">Dokumenty aplikacyjne<\/span><\/h3>\n<h3 class=\"wp-block-heading has-text-align-center has-neve-text-color-color has-text-color\"><span style=\"background-color: var(--nv-site-bg); color: var( --e-global-color-text ); font-family: var( --e-global-typography-text-font-family ), Sans-serif; font-size: var(--bodyfontsize); font-weight: var( --e-global-typography-text-font-weight ); letter-spacing: var(--bodyletterspacing); text-align: var(--text-align); text-transform: var(--bodytexttransform);\">Ponad 2000 przygotowanych CV i list\u00f3w motywacyjnych.<\/span><\/h3>\n<p><!-- \/wp:spacer --><\/p>\n<\/div>\n<p><!-- \/wp:column --><!-- wp:column --><\/p>\n<div class=\"wp-block-column\">\n<p><!-- wp:image {\"align\":\"center\",\"width\":48,\"height\":48,\"className\":\"icon-style is-style-rounded\"} --><\/p>\n<figure class=\"wp-block-image aligncenter is-resized icon-style is-style-rounded\"><img loading=\"lazy\" decoding=\"async\" style=\"width: 48px; height: 48px;\" src=\"https:\/\/agnieszkapikula.pl\/wp-content\/themes\/neve\/assets\/img\/starter-content\/icon-01.svg\" alt=\"\" width=\"48\" height=\"48\"><\/figure>\n<p><!-- \/wp:image --><!-- wp:heading {\"level\":3,\"textColor\":\"neve-text-color\",\"className\":\"has-text-align-center\"} --><\/p>\n<h3 class=\"wp-block-heading has-text-align-center has-neve-text-color-color has-text-color\"><span style=\"background-color: var(--nv-site-bg); font-family: var( --e-global-typography-text-font-family ), Sans-serif; letter-spacing: var(--bodyletterspacing); text-align: var(--text-align); text-transform: var(--bodytexttransform); color: #ea3e7a;\">Szybko\u015b\u0107 dzia\u0142ania<\/span><\/h3>\n<h3 class=\"wp-block-heading has-text-align-center has-neve-text-color-color has-text-color\"><span style=\"background-color: var(--nv-site-bg); color: var( --e-global-color-text ); font-family: var( --e-global-typography-text-font-family ), Sans-serif; font-size: var(--bodyfontsize); font-weight: var( --e-global-typography-text-font-weight ); letter-spacing: var(--bodyletterspacing); text-align: var(--text-align); text-transform: var(--bodytexttransform);\">Spotkania online lub stacjonarnie <br>w biurze w Warszawie.<\/span><\/h3>\n<p><!-- \/wp:paragraph --><!-- wp:spacer {\"height\":\"20px\"} --><\/p>\n<div class=\"wp-block-spacer\" style=\"height: 20px;\" aria-hidden=\"true\">&nbsp;<\/div>\n<p><!-- \/wp:spacer --><\/p>\n<\/div>\n<p><!-- \/wp:column --><\/p>\n<\/div>\n<p><!-- \/wp:columns --><!-- wp:columns --><\/p>\n<div class=\"wp-block-columns\">\n<p><!-- wp:column {\"width\":\"100%\"} --><\/p>\n<div class=\"wp-block-column\" style=\"flex-basis: 100%;\">&nbsp;<\/div>\n<p><!-- \/wp:column --><\/p>\n<\/div>\n<p><!-- \/wp:columns --><\/p>\t\t\t\t\t\t\t\t<\/div>\n\t\t\t\t<\/div>\n\t\t\t\t\t<\/div>\n\t\t\t\t<\/div>\n\t\t\t\t<\/div>\n\t\t","protected":false},"excerpt":{"rendered":"<p>Agnieszka Piku\u0142a \u2013 jobcoach, doradca zawodowy, trener, szcz\u0119\u015bliwa \u017cona i mama. Przede wszystkim kocham prac\u0119 z drugim cz\u0142owiekiem. To si\u0142a, kt\u00f3ra od kilkunastu lat nap\u0119dza mnie do dzia\u0142ania i maluje u\u015bmiech na mojej twarzy. Jestem absolwentk\u0105 doradztwa zawodowego w Akademii Pedagogiki Specjalnej im. Marii Grzegorzewskiej (modu\u0142 reagowanie w sytuacjach kryzysowych) oraz studi\u00f3w podyplomowych: Doradztwo zawodowe&hellip;&nbsp;<a href=\"https:\/\/agnieszkapikula.pl\/\" class=\"\" rel=\"bookmark\">Read More &raquo;<span class=\"screen-reader-text\">O mnie<\/span><\/a><\/p>\n","protected":false},"author":1,"featured_media":0,"parent":0,"menu_order":0,"comment_status":"closed","ping_status":"closed","template":"","meta":{"neve_meta_sidebar":"","neve_meta_container":"","neve_meta_enable_content_width":"on","neve_meta_content_width":100,"neve_meta_title_alignment":"","neve_meta_author_avatar":"","neve_post_elements_order":"","neve_meta_disable_header":"","neve_meta_disable_footer":"","neve_meta_disable_title":"on","footnotes":""},"class_list":["post-27","page","type-page","status-publish","hentry"],"_links":{"self":[{"href":"https:\/\/agnieszkapikula.pl\/index.php?rest_route=\/wp\/v2\/pages\/27","targetHints":{"allow":["GET"]}}],"collection":[{"href":"https:\/\/agnieszkapikula.pl\/index.php?rest_route=\/wp\/v2\/pages"}],"about":[{"href":"https:\/\/agnieszkapikula.pl\/index.php?rest_route=\/wp\/v2\/types\/page"}],"author":[{"embeddable":true,"href":"https:\/\/agnieszkapikula.pl\/index.php?rest_route=\/wp\/v2\/users\/1"}],"replies":[{"embeddable":true,"href":"https:\/\/agnieszkapikula.pl\/index.php?rest_route=%2Fwp%2Fv2%2Fcomments&post=27"}],"version-history":[{"count":48,"href":"https:\/\/agnieszkapikula.pl\/index.php?rest_route=\/wp\/v2\/pages\/27\/revisions"}],"predecessor-version":[{"id":563,"href":"https:\/\/agnieszkapikula.pl\/index.php?rest_route=\/wp\/v2\/pages\/27\/revisions\/563"}],"wp:attachment":[{"href":"https:\/\/agnieszkapikula.pl\/index.php?rest_route=%2Fwp%2Fv2%2Fmedia&parent=27"}],"curies":[{"name":"wp","href":"https:\/\/api.w.org\/{rel}","templated":true}]}}